{"id":10,"date":"2016-12-12T22:14:03","date_gmt":"2016-12-12T21:14:03","guid":{"rendered":"http:\/\/ctyrlistek-pardubice.eu\/pardubicky\/?page_id=10"},"modified":"2024-09-24T19:09:58","modified_gmt":"2024-09-24T17:09:58","slug":"organizace","status":"publish","type":"page","link":"https:\/\/ctyrlistek-pardubice.eu\/pardubicky\/organizace\/","title":{"rendered":"Organizace"},"content":{"rendered":"<p><strong><span style=\"color: #008000\">Provozn\u00ed doba \u0161koly: 6:30 &#8211;\u00a0 16:30 hod.<\/span><\/strong><\/p>\n<h2><span style=\"color: #ff9900\">1.t\u0159\u00edda: Ku\u0159\u00e1tka<\/span><\/h2>\n<p><span style=\"color: #000000\">Do t\u0159\u00eddy doch\u00e1zej\u00ed zpravidla d\u011bti od t\u0159\u00ed do p\u011bti let.<\/span><\/p>\n<p><span style=\"color: #000000\"><strong>Odpov\u011bdn\u00e9 osoby:\u00a0<\/strong><\/span><\/p>\n<p><span style=\"color: #000000\">u\u010ditelka: V\u011bra Zimov\u00e1\u00a0<\/span><\/p>\n<p><span style=\"color: #000000\">u\u010ditelka: Kate\u0159ina V\u00e1clav\u00edkov\u00e1<\/span><\/p>\n<p><span style=\"color: #000000\">telefon na t\u0159\u00eddu: 466 654 501<\/span><\/p>\n<h2><span style=\"color: #ff00ff\">2.t\u0159\u00edda: Mot\u00fdlci<\/span><\/h2>\n<p><span style=\"color: #000000\">Do t\u0159\u00eddy doch\u00e1zej\u00ed zpravidla d\u011bti od \u010dty\u0159 do sedmi let.<\/span><\/p>\n<p><span style=\"color: #000000\"><strong>Odpov\u011bdn\u00e9 osoby:\u00a0<\/strong><\/span><\/p>\n<p><span style=\"color: #000000\">u\u010ditelka: Jana Hru\u0161ov\u00e1<\/span><\/p>\n<p><span style=\"color: #000000\">u\u010ditelka: Lucie Hadrava<\/span><\/p>\n<p><span style=\"color: #000000\">u\u010ditelka a asistent pedagoga: Renata Cimplov\u00e1<\/span><\/p>\n<p><span style=\"color: #000000\">telefon na t\u0159\u00eddu: 466 650 111, mobil: 734 787 722<\/span><\/p>\n<h2><span style=\"color: #993366\">\u00da\u0159edn\u00ed\/konzulta\u010dn\u00ed hodiny \u0159editelky M\u0160: <\/span><\/h2>\n<p><span style=\"color: #000000\">Ka\u017ed\u00fd p\u00e1tek od 9:00 do 11:00 hod. v M\u0160 N\u00e1rodn\u00edch hrdin\u016f 8. \u0158editelka M\u0160 je z\u00e1rove\u0148 vedouc\u00ed u\u010ditelkou na odlou\u010den\u00e9m pracovi\u0161ti, proto pros\u00edm, pro p\u0159\u00edpadnou konzultaci vyu\u017eijte nejprve e-mail: info@ctyrlistek-pardubice.eu.\u00a0<\/span><\/p>\n<h2><span style=\"color: #993366\">Dal\u0161\u00ed odpov\u011bdn\u00e9 osoby:<\/span><\/h2>\n<p><span style=\"color: #000000\"><strong>Vedouc\u00ed \u0161koln\u00ed j\u00eddelny:<\/strong> Petra Bro\u017ekov\u00e1, tel: 466 654 500, mobil: 773 551 250<\/span><br \/>\n<span style=\"color: #000000\"><strong>\u0160kolnice:<\/strong> Mark\u00e9ta\u00a0 Pr\u00fdlov\u00e1\u00a0<\/span><\/p>\n<p><span style=\"color: #000000\">Informace o platb\u00e1ch:<\/span><\/p>\n<p><span style=\"color: #000000\">Platnost od 1. 9. 2024<\/span><br \/>\n<span style=\"color: #000000\">Stravn\u00e9 celodenn\u00ed 1008,00 K\u010d m\u011bs\u00edc (3-6 let)<\/span><br \/>\n<span style=\"color: #000000\">Stravn\u00e9 polodenn\u00ed 819,00 K\u010d m\u011bs\u00edc (3-6 let)<\/span><\/p>\n<p><span style=\"color: #000000\">Stravn\u00e9 celodenn\u00ed 1050,00 K\u010d m\u011bs\u00edc (7 let)<\/span><br \/>\n<span style=\"color: #000000\">Stravn\u00e9 polodenn\u00ed 840,00 K\u010d m\u011bs\u00edc (7 let)<\/span><\/p>\n<p><span style=\"color: #000000\">\u0160koln\u00e9 830 K\u010d (p<\/span><span style=\"color: #000000\">\u0159ed\u0161kol\u00e1ci \u0161koln\u00e9 neplat\u00ed)<\/span><br \/>\n<span style=\"color: #000000\">\u010c\u00edslo \u00fa\u010dtu: 38535561\/0100<\/span><\/p>\n<p><span style=\"color: #000000\">(STRAVN\u00c9 A \u0160KOLN\u00c9 SE PLAT\u00cd SOU\u010cTEM P\u0158\u00cdSLU\u0160N\u00ddCH \u010c\u00c1STEK DOHROMADY NA N\u00c1SLEDUJ\u00cdC\u00cd M\u011aS\u00cdC. DOPORU\u010cEN\u00c9 DATUM PRVN\u00cd PLATBY DO 15.8. 2024. POSLEDN\u00cd PLATBA DO 15.5. 2025.)<\/span><\/p>\n","protected":false},"excerpt":{"rendered":"<p>Provozn\u00ed doba \u0161koly: 6:30 &#8211;\u00a0 16:30 hod. 1.t\u0159\u00edda: Ku\u0159\u00e1tka Do t\u0159\u00eddy doch\u00e1zej\u00ed zpravidla d\u011bti od t\u0159\u00ed do p\u011bti let. Odpov\u011bdn\u00e9 osoby:\u00a0 u\u010ditelka: V\u011bra Zimov\u00e1\u00a0 u\u010ditelka: Kate\u0159ina V\u00e1clav\u00edkov\u00e1 telefon na t\u0159\u00eddu: 466 654 501 2.t\u0159\u00edda: Mot\u00fdlci Do t\u0159\u00eddy doch\u00e1zej\u00ed zpravidla d\u011bti od \u010dty\u0159 do sedmi let. Odpov\u011bdn\u00e9 osoby:\u00a0 u\u010ditelka: Jana Hru\u0161ov\u00e1 u\u010ditelka: Lucie Hadrava u\u010ditelka a [&hellip;]<\/p>\n","protected":false},"author":1,"featured_media":0,"parent":0,"menu_order":4,"comment_status":"closed","ping_status":"closed","template":"","meta":{"_acf_changed":false,"footnotes":""},"class_list":["post-10","page","type-page","status-publish","hentry"],"acf":[],"_links":{"self":[{"href":"https:\/\/ctyrlistek-pardubice.eu\/pardubicky\/wp-json\/wp\/v2\/pages\/10","targetHints":{"allow":["GET"]}}],"collection":[{"href":"https:\/\/ctyrlistek-pardubice.eu\/pardubicky\/wp-json\/wp\/v2\/pages"}],"about":[{"href":"https:\/\/ctyrlistek-pardubice.eu\/pardubicky\/wp-json\/wp\/v2\/types\/page"}],"author":[{"embeddable":true,"href":"https:\/\/ctyrlistek-pardubice.eu\/pardubicky\/wp-json\/wp\/v2\/users\/1"}],"replies":[{"embeddable":true,"href":"https:\/\/ctyrlistek-pardubice.eu\/pardubicky\/wp-json\/wp\/v2\/comments?post=10"}],"version-history":[{"count":47,"href":"https:\/\/ctyrlistek-pardubice.eu\/pardubicky\/wp-json\/wp\/v2\/pages\/10\/revisions"}],"predecessor-version":[{"id":10902,"href":"https:\/\/ctyrlistek-pardubice.eu\/pardubicky\/wp-json\/wp\/v2\/pages\/10\/revisions\/10902"}],"wp:attachment":[{"href":"https:\/\/ctyrlistek-pardubice.eu\/pardubicky\/wp-json\/wp\/v2\/media?parent=10"}],"curies":[{"name":"wp","href":"https:\/\/api.w.org\/{rel}","templated":true}]}}